{"id":50930,"date":"2025-06-03T07:20:41","date_gmt":"2025-06-03T11:20:41","guid":{"rendered":"https:\/\/wp266329.wpdns.ca\/?page_id=50930"},"modified":"2025-06-03T07:22:45","modified_gmt":"2025-06-03T11:22:45","slug":"how-the-city-of-salaberry-de-valleyfield-structured-its-digital-transformation-with-eficio","status":"publish","type":"page","link":"https:\/\/eficio.ca\/en\/how-the-city-of-salaberry-de-valleyfield-structured-its-digital-transformation-with-eficio\/","title":{"rendered":"How the City of Salaberry-de-Valleyfield Structured Its Digital Transformation with Eficio ?"},"content":{"rendered":"\t\t<div data-elementor-type=\"wp-page\" data-elementor-id=\"50930\" class=\"elementor elementor-50930 elementor-50921\" data-elementor-post-type=\"page\">\n\t\t\t\t\t\t<section class=\"elementor-section elementor-top-section elementor-element elementor-element-609096a elementor-section-boxed elementor-section-height-default elementor-section-height-default\" data-id=\"609096a\" data-element_type=\"section\" data-e-type=\"section\">\n\t\t\t\t\t\t<div class=\"elementor-container elementor-column-gap-default\">\n\t\t\t\t\t<div class=\"elementor-column elementor-col-100 elementor-top-column elementor-element elementor-element-01d1a25\" data-id=\"01d1a25\" data-element_type=\"column\" data-e-type=\"column\">\n\t\t\t<div class=\"elementor-widget-wrap elementor-element-populated\">\n\t\t\t\t\t\t<div class=\"elementor-element elementor-element-15dbb93 elementor-widget elementor-widget-testimonial\" data-id=\"15dbb93\" data-element_type=\"widget\" data-e-type=\"widget\" data-widget_type=\"testimonial.default\">\n\t\t\t\t\t\t\t<div class=\"elementor-testimonial-wrapper\">\n\t\t\t\t\t\t\t<div class=\"elementor-testimonial-content\">\u201cThe digital plan developed with Eficio allowed us to have a clear, shared, and mobilizing vision of our digital future. A strategic, concrete approach perfectly suited to our realities.\u201d<\/div>\n\t\t\t\n\t\t\t\t\t\t<div class=\"elementor-testimonial-meta\">\n\t\t\t\t<div class=\"elementor-testimonial-meta-inner\">\n\t\t\t\t\t\n\t\t\t\t\t\t\t\t\t\t<div class=\"elementor-testimonial-details\">\n\t\t\t\t\t\t\t\t\t\t\t\t\t\t<div class=\"elementor-testimonial-name\">Manon Bernard<\/div>\n\t\t\t\t\t\t\t\t\t\t\t\t\t\t\t\t\t\t\t\t\t\t<div class=\"elementor-testimonial-job\">General Director, City of Salaberry-de-Valleyfield<\/div>\n\t\t\t\t\t\t\t\t\t\t\t\t\t<\/div>\n\t\t\t\t\t\t\t\t\t<\/div>\n\t\t\t<\/div>\n\t\t\t\t\t<\/div>\n\t\t\t\t\t\t<\/div>\n\t\t\t\t\t<\/div>\n\t\t<\/div>\n\t\t\t\t\t<\/div>\n\t\t<\/section>\n\t\t\t\t<section class=\"elementor-section elementor-top-section elementor-element elementor-element-8471d64 elementor-section-boxed elementor-section-height-default elementor-section-height-default\" data-id=\"8471d64\" data-element_type=\"section\" data-e-type=\"section\">\n\t\t\t\t\t\t<div class=\"elementor-container elementor-column-gap-default\">\n\t\t\t\t\t<div class=\"elementor-column elementor-col-100 elementor-top-column elementor-element elementor-element-c008296\" data-id=\"c008296\" data-element_type=\"column\" data-e-type=\"column\">\n\t\t\t<div class=\"elementor-widget-wrap elementor-element-populated\">\n\t\t\t\t\t\t<div class=\"elementor-element elementor-element-a8aa4de elementor-widget elementor-widget-image\" data-id=\"a8aa4de\" data-element_type=\"widget\" data-e-type=\"widget\" data-widget_type=\"image.default\">\n\t\t\t\t\t\t\t\t\t\t\t\t\t\t\t<img fetchpriority=\"high\" decoding=\"async\" width=\"1200\" height=\"630\" src=\"https:\/\/eficio.ca\/wp-content\/uploads\/2025\/06\/image-3.jpg\" class=\"attachment-full size-full wp-image-50924\" alt=\"Comment la Ville de Salaberry-de-Valleyfield a structur\u00e9 sa transformation num\u00e9rique gr\u00e2ce \u00e0 Eficio ?\" srcset=\"https:\/\/eficio.ca\/wp-content\/uploads\/2025\/06\/image-3.jpg 1200w, https:\/\/eficio.ca\/wp-content\/uploads\/2025\/06\/image-3-300x158.jpg 300w, https:\/\/eficio.ca\/wp-content\/uploads\/2025\/06\/image-3-1024x538.jpg 1024w, https:\/\/eficio.ca\/wp-content\/uploads\/2025\/06\/image-3-768x403.jpg 768w, https:\/\/eficio.ca\/wp-content\/uploads\/2025\/06\/image-3-700x368.jpg 700w\" sizes=\"(max-width: 1200px) 100vw, 1200px\" \/>\t\t\t\t\t\t\t\t\t\t\t\t\t\t\t<\/div>\n\t\t\t\t<div class=\"elementor-element elementor-element-2015bb8 elementor-widget elementor-widget-heading\" data-id=\"2015bb8\" data-element_type=\"widget\" data-e-type=\"widget\" data-widget_type=\"heading.default\">\n\t\t\t\t\t<h3 class=\"elementor-heading-title elementor-size-default\">Modernizing Public Services with an Ambitious Digital Plan\n<\/h3>\t\t\t\t<\/div>\n\t\t\t\t<div class=\"elementor-element elementor-element-8e4a067 elementor-widget elementor-widget-text-editor\" data-id=\"8e4a067\" data-element_type=\"widget\" data-e-type=\"widget\" data-widget_type=\"text-editor.default\">\n\t\t\t\t\t\t\t\t\t<p>The <a href=\"https:\/\/www.ville.valleyfield.qc.ca\/\" target=\"_blank\" rel=\"noopener noreferrer nofollow\">City of Salaberry-de-Valleyfield<\/a>, known for its commitment to innovation and sustainable development, was facing increasing challenges in digital governance. With a small IT team and uneven adoption of new digital tools, it became essential to structure modernization efforts around a clear and shared strategy.<\/p><p>To achieve this, the City chose to rely on Eficio\u2019s <a href=\"https:\/\/eficio.ca\/produits-numeriques\/audit-4-0-plan-numerique\/\">Audit 4.0 and Digital Plan service<\/a>\u2014a solution specifically designed to help municipalities build their digital transformation in a coherent, realistic, and sustainable way.<\/p>\t\t\t\t\t\t\t\t<\/div>\n\t\t\t\t<div class=\"elementor-element elementor-element-2de1c9b elementor-widget elementor-widget-heading\" data-id=\"2de1c9b\" data-element_type=\"widget\" data-e-type=\"widget\" data-widget_type=\"heading.default\">\n\t\t\t\t\t<h3 class=\"elementor-heading-title elementor-size-default\">Complex Challenges for a Growing City\n<\/h3>\t\t\t\t<\/div>\n\t\t\t\t<div class=\"elementor-element elementor-element-06847e4 elementor-widget elementor-widget-text-editor\" data-id=\"06847e4\" data-element_type=\"widget\" data-e-type=\"widget\" data-widget_type=\"text-editor.default\">\n\t\t\t\t\t\t\t\t\t<p data-start=\"1031\" data-end=\"1316\">Although several systems had recently been implemented, adoption remained limited. Some IT initiatives were emerging directly from departments, with little central coordination, complicating the management of technological priorities. A digital master plan became an obvious necessity. Identified challenges included:<\/p><ul><li><strong>Lack of engagement with digital tools<\/strong><\/li><li><strong>Poor alignment between IT and municipal objectives<\/strong><\/li><li><strong>No shared roadmap among departments<\/strong><\/li><\/ul><ol><li style=\"list-style-type: none;\"><ol><li style=\"list-style-type: none;\">\u00a0<\/li><\/ol><\/li><\/ol>\t\t\t\t\t\t\t\t<\/div>\n\t\t\t\t<div class=\"elementor-element elementor-element-6c93801 elementor-widget elementor-widget-image\" data-id=\"6c93801\" data-element_type=\"widget\" data-e-type=\"widget\" data-widget_type=\"image.default\">\n\t\t\t\t\t\t\t\t\t\t\t\t\t\t\t<img decoding=\"async\" width=\"1920\" height=\"708\" src=\"https:\/\/eficio.ca\/wp-content\/uploads\/2025\/06\/No-shared-roadmap-among-departments.jpg\" class=\"attachment-full size-full wp-image-50932\" alt=\"\" srcset=\"https:\/\/eficio.ca\/wp-content\/uploads\/2025\/06\/No-shared-roadmap-among-departments.jpg 1920w, https:\/\/eficio.ca\/wp-content\/uploads\/2025\/06\/No-shared-roadmap-among-departments-300x111.jpg 300w, https:\/\/eficio.ca\/wp-content\/uploads\/2025\/06\/No-shared-roadmap-among-departments-1024x378.jpg 1024w, https:\/\/eficio.ca\/wp-content\/uploads\/2025\/06\/No-shared-roadmap-among-departments-768x283.jpg 768w, https:\/\/eficio.ca\/wp-content\/uploads\/2025\/06\/No-shared-roadmap-among-departments-1536x566.jpg 1536w, https:\/\/eficio.ca\/wp-content\/uploads\/2025\/06\/No-shared-roadmap-among-departments-700x258.jpg 700w\" sizes=\"(max-width: 1920px) 100vw, 1920px\" \/>\t\t\t\t\t\t\t\t\t\t\t\t\t\t\t<\/div>\n\t\t\t\t<div class=\"elementor-element elementor-element-2e23ff3 elementor-widget elementor-widget-heading\" data-id=\"2e23ff3\" data-element_type=\"widget\" data-e-type=\"widget\" data-widget_type=\"heading.default\">\n\t\t\t\t\t<h3 class=\"elementor-heading-title elementor-size-default\"> Eficio\u2019s Response: A Tailored Digital Plan Based on Audit 4.0\n<\/h3>\t\t\t\t<\/div>\n\t\t\t\t<div class=\"elementor-element elementor-element-1bb5afe elementor-widget elementor-widget-text-editor\" data-id=\"1bb5afe\" data-element_type=\"widget\" data-e-type=\"widget\" data-widget_type=\"text-editor.default\">\n\t\t\t\t\t\t\t\t\t<p data-start=\"1568\" data-end=\"1755\">To address these challenges, Eficio implemented its <em data-start=\"1620\" data-end=\"1648\">Audit 4.0 and Digital Plan<\/em> approach\u2014a structured methodology based on six collaborative workshops. This approach enabled the City to:<\/p><ul><li style=\"list-style-type: none;\"><ul><li style=\"list-style-type: none;\"><ul><li data-start=\"1759\" data-end=\"1824\">Measure its digital maturity using the Agile-based <a href=\"https:\/\/eficio.ca\/en\/digital-products\/cio-360-it-diagnostic-master-plan\/\">CIO-360 tool<\/a><\/li><li data-start=\"1759\" data-end=\"1824\">Identify high-potential business capabilities for transformation<\/li><li data-start=\"1759\" data-end=\"1824\">Identify innovative initiatives for becoming a Smart City<\/li><li data-start=\"1759\" data-end=\"1824\">Prioritize digital projects based on impact, feasibility, and strategic alignment<\/li><li data-start=\"1759\" data-end=\"1824\">Structure a clear, budgeted, and mobilizing digital roadmap<\/li><li data-start=\"1759\" data-end=\"1824\">Access exclusive tools (Hype Cycle, Gartner Reports, Generative AI, CIO Circle)<\/li><\/ul><\/li><\/ul><\/li><\/ul><p data-start=\"2189\" data-end=\"2331\">This participatory approach fostered leadership engagement and reinforced a shared vision of a more innovative, connected, and efficient city.<\/p>\t\t\t\t\t\t\t\t<\/div>\n\t\t\t\t<div class=\"elementor-element elementor-element-b9d266d elementor-widget elementor-widget-heading\" data-id=\"b9d266d\" data-element_type=\"widget\" data-e-type=\"widget\" data-widget_type=\"heading.default\">\n\t\t\t\t\t<h3 class=\"elementor-heading-title elementor-size-default\">Tangible Results for a Successful Transformation\n<\/h3>\t\t\t\t<\/div>\n\t\t\t\t<div class=\"elementor-element elementor-element-25f53af elementor-widget elementor-widget-text-editor\" data-id=\"25f53af\" data-element_type=\"widget\" data-e-type=\"widget\" data-widget_type=\"text-editor.default\">\n\t\t\t\t\t\t\t\t\t<p>At the end of the mandate, the City now benefits from:<\/p><ul><li style=\"list-style-type: none;\"><ul><li style=\"list-style-type: none;\"><ul><li>A reliable technological assessment identifying key transformation prerequisites<\/li><li>A clear digital vision shared across all departments<\/li><li>A prioritized and actionable roadmap<br \/>Strengthened and consistent IT governance<\/li><li>A strategic foundation to become a future-oriented Smart City<\/li><\/ul><\/li><\/ul><\/li><\/ul><p>Thanks to Eficio\u2019s expertise and its Audit 4.0 and Digital Plan service, the City of Salaberry-de-Valleyfield is now better equipped to tackle the digital challenges of the coming years.<\/p>\t\t\t\t\t\t\t\t<\/div>\n\t\t\t\t<div class=\"elementor-element elementor-element-93576ca elementor-widget elementor-widget-heading\" data-id=\"93576ca\" data-element_type=\"widget\" data-e-type=\"widget\" data-widget_type=\"heading.default\">\n\t\t\t\t\t<h3 class=\"elementor-heading-title elementor-size-default\">A Solid Digital Strategy Begins with the Right Diagnosis\n<\/h3>\t\t\t\t<\/div>\n\t\t\t\t<div class=\"elementor-element elementor-element-9c7bee2 elementor-widget elementor-widget-text-editor\" data-id=\"9c7bee2\" data-element_type=\"widget\" data-e-type=\"widget\" data-widget_type=\"text-editor.default\">\n\t\t\t\t\t\t\t\t\t<p>By relying on a structured, participatory, and results-oriented approach, the City of Salaberry-de-Valleyfield has taken a major strategic step in its modernization. This project perfectly illustrates how a well-designed digital plan can become a true lever for innovation, cohesion, and organizational performance.<\/p>\t\t\t\t\t\t\t\t<\/div>\n\t\t\t\t<div class=\"elementor-element elementor-element-46ea2e1 elementor-widget elementor-widget-heading\" data-id=\"46ea2e1\" data-element_type=\"widget\" data-e-type=\"widget\" data-widget_type=\"heading.default\">\n\t\t\t\t\t<h3 class=\"elementor-heading-title elementor-size-default\">Conclusion<\/h3>\t\t\t\t<\/div>\n\t\t\t\t<div class=\"elementor-element elementor-element-edc7fda elementor-widget elementor-widget-text-editor\" data-id=\"edc7fda\" data-element_type=\"widget\" data-e-type=\"widget\" data-widget_type=\"text-editor.default\">\n\t\t\t\t\t\t\t\t\t<article class=\"text-token-text-primary w-full\" dir=\"auto\" data-testid=\"conversation-turn-4\" data-scroll-anchor=\"true\"><div class=\"text-base my-auto mx-auto py-5 [--thread-content-margin:--spacing(4)] @[37rem]:[--thread-content-margin:--spacing(6)] @[72rem]:[--thread-content-margin:--spacing(16)] px-(--thread-content-margin)\"><div class=\"[--thread-content-max-width:32rem] @[34rem]:[--thread-content-max-width:40rem] @[64rem]:[--thread-content-max-width:48rem] mx-auto flex max-w-(--thread-content-max-width) flex-1 text-base gap-4 md:gap-5 lg:gap-6 group\/turn-messages focus-visible:outline-hidden\" tabindex=\"-1\"><div class=\"group\/conversation-turn relative flex w-full min-w-0 flex-col agent-turn\"><div class=\"relative flex-col gap-1 md:gap-3\"><div class=\"flex max-w-full flex-col grow\"><div class=\"min-h-8 text-message relative flex w-full flex-col items-end gap-2 text-start break-words whitespace-normal [.text-message+&amp;]:mt-5\" dir=\"auto\" data-message-author-role=\"assistant\" data-message-id=\"843ff8a2-fd62-4f5f-b23d-7241823d0352\" data-message-model-slug=\"gpt-4o\"><div class=\"flex w-full flex-col gap-1 empty:hidden first:pt-[3px]\"><div class=\"markdown prose dark:prose-invert w-full break-words light\"><p data-start=\"0\" data-end=\"653\">The collaboration between the City of Salaberry-de-Valleyfield and Eficio demonstrates that a successful digital transformation is, above all, built on a shared vision, a rigorous methodology, and strategic support tailored to local realities. By adopting a structured approach with the Audit 4.0 and Digital Plan, the City was able to overcome its challenges, engage its teams, and lay the foundation for a smarter, more connected, and more efficient future. This initiative clearly shows that digital technology is not an end in itself, but a powerful lever to modernize public services, strengthen governance, and sustainably improve citizens\u2019 lives.<\/p><p data-start=\"655\" data-end=\"804\" data-is-last-node=\"\" data-is-only-node=\"\"><strong data-start=\"655\" data-end=\"715\">You too can structure your digital transformation today.<\/strong><br data-start=\"715\" data-end=\"718\" \/>\ud83d\udc49 <strong data-start=\"721\" data-end=\"804\" data-is-last-node=\"\">Discover our full service offering: <a href=\"https:\/\/eficio.ca\/en\/digital-products\/audit-4-0-digital-plan\/\">Audit 4.0 and Digital Plan \u2013 View the offer<\/a><\/strong><\/p><\/div><\/div><\/div><\/div><\/div><\/div><\/div><\/div><\/article>\t\t\t\t\t\t\t\t<\/div>\n\t\t\t\t\t<\/div>\n\t\t<\/div>\n\t\t\t\t\t<\/div>\n\t\t<\/section>\n\t\t\t\t<\/div>\n\t\t","protected":false},"excerpt":{"rendered":"<p>\u201cThe digital plan developed with Eficio allowed us to have a clear, shared, and mobilizing vision of our digital future. A strategic, concrete approach perfectly suited to our realities.\u201d Manon Bernard General Director, City of Salaberry-de-Valleyfield Modernizing Public Services with an Ambitious Digital Plan The&#8230;<\/p>\n","protected":false},"author":4,"featured_media":0,"parent":0,"menu_order":0,"comment_status":"closed","ping_status":"closed","template":"","meta":{"_acf_changed":false,"cybocfi_hide_featured_image":"","footnotes":""},"class_list":["post-50930","page","type-page","status-publish","hentry"],"acf":[],"yoast_head":"<!-- This site is optimized with the Yoast SEO Premium plugin v27.2 (Yoast SEO v27.5) - https:\/\/yoast.com\/product\/yoast-seo-premium-wordpress\/ -->\n<title>How the City of Salaberry-de-Valleyfield Structured Its Digital Transformation with Eficio ? - Eficio<\/title>\n<meta name=\"robots\" content=\"index, follow, max-snippet:-1, max-image-preview:large, max-video-preview:-1\" \/>\n<link rel=\"canonical\" href=\"https:\/\/eficio.ca\/en\/how-the-city-of-salaberry-de-valleyfield-structured-its-digital-transformation-with-eficio\/\" \/>\n<meta property=\"og:locale\" content=\"en_US\" \/>\n<meta property=\"og:type\" content=\"article\" \/>\n<meta property=\"og:title\" content=\"How the City of Salaberry-de-Valleyfield Structured Its Digital Transformation with Eficio ?\" \/>\n<meta property=\"og:description\" content=\"\u201cThe digital plan developed with Eficio allowed us to have a clear, shared, and mobilizing vision of our digital future. A strategic, concrete approach perfectly suited to our realities.\u201d Manon Bernard General Director, City of Salaberry-de-Valleyfield Modernizing Public Services with an Ambitious Digital Plan The...\" \/>\n<meta property=\"og:url\" content=\"https:\/\/eficio.ca\/en\/how-the-city-of-salaberry-de-valleyfield-structured-its-digital-transformation-with-eficio\/\" \/>\n<meta property=\"og:site_name\" content=\"Eficio\" \/>\n<meta property=\"article:publisher\" content=\"https:\/\/www.facebook.com\/Eficio.ca\/\" \/>\n<meta property=\"article:modified_time\" content=\"2025-06-03T11:22:45+00:00\" \/>\n<meta property=\"og:image\" content=\"https:\/\/eficio.ca\/wp-content\/uploads\/2025\/06\/image-3.jpg\" \/>\n<meta name=\"twitter:card\" content=\"summary_large_image\" \/>\n<meta name=\"twitter:label1\" content=\"Est. reading time\" \/>\n\t<meta name=\"twitter:data1\" content=\"3 minutes\" \/>\n<script type=\"application\/ld+json\" class=\"yoast-schema-graph\">{\"@context\":\"https:\\\/\\\/schema.org\",\"@graph\":[{\"@type\":\"WebPage\",\"@id\":\"https:\\\/\\\/eficio.ca\\\/en\\\/how-the-city-of-salaberry-de-valleyfield-structured-its-digital-transformation-with-eficio\\\/\",\"url\":\"https:\\\/\\\/eficio.ca\\\/en\\\/how-the-city-of-salaberry-de-valleyfield-structured-its-digital-transformation-with-eficio\\\/\",\"name\":\"How the City of Salaberry-de-Valleyfield Structured Its Digital Transformation with Eficio ? - Eficio\",\"isPartOf\":{\"@id\":\"https:\\\/\\\/eficio.ca\\\/en\\\/#website\"},\"primaryImageOfPage\":{\"@id\":\"https:\\\/\\\/eficio.ca\\\/en\\\/how-the-city-of-salaberry-de-valleyfield-structured-its-digital-transformation-with-eficio\\\/#primaryimage\"},\"image\":{\"@id\":\"https:\\\/\\\/eficio.ca\\\/en\\\/how-the-city-of-salaberry-de-valleyfield-structured-its-digital-transformation-with-eficio\\\/#primaryimage\"},\"thumbnailUrl\":\"https:\\\/\\\/eficio.ca\\\/wp-content\\\/uploads\\\/2025\\\/06\\\/image-3.jpg\",\"datePublished\":\"2025-06-03T11:20:41+00:00\",\"dateModified\":\"2025-06-03T11:22:45+00:00\",\"breadcrumb\":{\"@id\":\"https:\\\/\\\/eficio.ca\\\/en\\\/how-the-city-of-salaberry-de-valleyfield-structured-its-digital-transformation-with-eficio\\\/#breadcrumb\"},\"inLanguage\":\"en-US\",\"potentialAction\":[{\"@type\":\"ReadAction\",\"target\":[\"https:\\\/\\\/eficio.ca\\\/en\\\/how-the-city-of-salaberry-de-valleyfield-structured-its-digital-transformation-with-eficio\\\/\"]}]},{\"@type\":\"ImageObject\",\"inLanguage\":\"en-US\",\"@id\":\"https:\\\/\\\/eficio.ca\\\/en\\\/how-the-city-of-salaberry-de-valleyfield-structured-its-digital-transformation-with-eficio\\\/#primaryimage\",\"url\":\"https:\\\/\\\/eficio.ca\\\/wp-content\\\/uploads\\\/2025\\\/06\\\/image-3.jpg\",\"contentUrl\":\"https:\\\/\\\/eficio.ca\\\/wp-content\\\/uploads\\\/2025\\\/06\\\/image-3.jpg\"},{\"@type\":\"BreadcrumbList\",\"@id\":\"https:\\\/\\\/eficio.ca\\\/en\\\/how-the-city-of-salaberry-de-valleyfield-structured-its-digital-transformation-with-eficio\\\/#breadcrumb\",\"itemListElement\":[{\"@type\":\"ListItem\",\"position\":1,\"name\":\"Accueil\",\"item\":\"https:\\\/\\\/eficio.ca\\\/en\\\/\"},{\"@type\":\"ListItem\",\"position\":2,\"name\":\"How the City of Salaberry-de-Valleyfield Structured Its Digital Transformation with Eficio ?\"}]},{\"@type\":\"WebSite\",\"@id\":\"https:\\\/\\\/eficio.ca\\\/en\\\/#website\",\"url\":\"https:\\\/\\\/eficio.ca\\\/en\\\/\",\"name\":\"Eficio\",\"description\":\"CIO disponibles selon vos besoins\",\"publisher\":{\"@id\":\"https:\\\/\\\/eficio.ca\\\/en\\\/#organization\"},\"potentialAction\":[{\"@type\":\"SearchAction\",\"target\":{\"@type\":\"EntryPoint\",\"urlTemplate\":\"https:\\\/\\\/eficio.ca\\\/en\\\/?s={search_term_string}\"},\"query-input\":{\"@type\":\"PropertyValueSpecification\",\"valueRequired\":true,\"valueName\":\"search_term_string\"}}],\"inLanguage\":\"en-US\"},{\"@type\":\"Organization\",\"@id\":\"https:\\\/\\\/eficio.ca\\\/en\\\/#organization\",\"name\":\"Eficio\",\"url\":\"https:\\\/\\\/eficio.ca\\\/en\\\/\",\"logo\":{\"@type\":\"ImageObject\",\"inLanguage\":\"en-US\",\"@id\":\"https:\\\/\\\/eficio.ca\\\/en\\\/#\\\/schema\\\/logo\\\/image\\\/\",\"url\":\"https:\\\/\\\/eficio.ca\\\/wp-content\\\/uploads\\\/2024\\\/12\\\/Eficio_logo_blanc_fond_orange@300ppi.jpg\",\"contentUrl\":\"https:\\\/\\\/eficio.ca\\\/wp-content\\\/uploads\\\/2024\\\/12\\\/Eficio_logo_blanc_fond_orange@300ppi.jpg\",\"width\":880,\"height\":361,\"caption\":\"Eficio\"},\"image\":{\"@id\":\"https:\\\/\\\/eficio.ca\\\/en\\\/#\\\/schema\\\/logo\\\/image\\\/\"},\"sameAs\":[\"https:\\\/\\\/www.facebook.com\\\/Eficio.ca\\\/\",\"https:\\\/\\\/www.linkedin.com\\\/company\\\/integra-co\\\/\"]}]}<\/script>\n<!-- \/ Yoast SEO Premium plugin. -->","yoast_head_json":{"title":"How the City of Salaberry-de-Valleyfield Structured Its Digital Transformation with Eficio ? - Eficio","robots":{"index":"index","follow":"follow","max-snippet":"max-snippet:-1","max-image-preview":"max-image-preview:large","max-video-preview":"max-video-preview:-1"},"canonical":"https:\/\/eficio.ca\/en\/how-the-city-of-salaberry-de-valleyfield-structured-its-digital-transformation-with-eficio\/","og_locale":"en_US","og_type":"article","og_title":"How the City of Salaberry-de-Valleyfield Structured Its Digital Transformation with Eficio ?","og_description":"\u201cThe digital plan developed with Eficio allowed us to have a clear, shared, and mobilizing vision of our digital future. A strategic, concrete approach perfectly suited to our realities.\u201d Manon Bernard General Director, City of Salaberry-de-Valleyfield Modernizing Public Services with an Ambitious Digital Plan The...","og_url":"https:\/\/eficio.ca\/en\/how-the-city-of-salaberry-de-valleyfield-structured-its-digital-transformation-with-eficio\/","og_site_name":"Eficio","article_publisher":"https:\/\/www.facebook.com\/Eficio.ca\/","article_modified_time":"2025-06-03T11:22:45+00:00","og_image":[{"url":"https:\/\/eficio.ca\/wp-content\/uploads\/2025\/06\/image-3.jpg","type":"","width":"","height":""}],"twitter_card":"summary_large_image","twitter_misc":{"Est. reading time":"3 minutes"},"schema":{"@context":"https:\/\/schema.org","@graph":[{"@type":"WebPage","@id":"https:\/\/eficio.ca\/en\/how-the-city-of-salaberry-de-valleyfield-structured-its-digital-transformation-with-eficio\/","url":"https:\/\/eficio.ca\/en\/how-the-city-of-salaberry-de-valleyfield-structured-its-digital-transformation-with-eficio\/","name":"How the City of Salaberry-de-Valleyfield Structured Its Digital Transformation with Eficio ? - Eficio","isPartOf":{"@id":"https:\/\/eficio.ca\/en\/#website"},"primaryImageOfPage":{"@id":"https:\/\/eficio.ca\/en\/how-the-city-of-salaberry-de-valleyfield-structured-its-digital-transformation-with-eficio\/#primaryimage"},"image":{"@id":"https:\/\/eficio.ca\/en\/how-the-city-of-salaberry-de-valleyfield-structured-its-digital-transformation-with-eficio\/#primaryimage"},"thumbnailUrl":"https:\/\/eficio.ca\/wp-content\/uploads\/2025\/06\/image-3.jpg","datePublished":"2025-06-03T11:20:41+00:00","dateModified":"2025-06-03T11:22:45+00:00","breadcrumb":{"@id":"https:\/\/eficio.ca\/en\/how-the-city-of-salaberry-de-valleyfield-structured-its-digital-transformation-with-eficio\/#breadcrumb"},"inLanguage":"en-US","potentialAction":[{"@type":"ReadAction","target":["https:\/\/eficio.ca\/en\/how-the-city-of-salaberry-de-valleyfield-structured-its-digital-transformation-with-eficio\/"]}]},{"@type":"ImageObject","inLanguage":"en-US","@id":"https:\/\/eficio.ca\/en\/how-the-city-of-salaberry-de-valleyfield-structured-its-digital-transformation-with-eficio\/#primaryimage","url":"https:\/\/eficio.ca\/wp-content\/uploads\/2025\/06\/image-3.jpg","contentUrl":"https:\/\/eficio.ca\/wp-content\/uploads\/2025\/06\/image-3.jpg"},{"@type":"BreadcrumbList","@id":"https:\/\/eficio.ca\/en\/how-the-city-of-salaberry-de-valleyfield-structured-its-digital-transformation-with-eficio\/#breadcrumb","itemListElement":[{"@type":"ListItem","position":1,"name":"Accueil","item":"https:\/\/eficio.ca\/en\/"},{"@type":"ListItem","position":2,"name":"How the City of Salaberry-de-Valleyfield Structured Its Digital Transformation with Eficio ?"}]},{"@type":"WebSite","@id":"https:\/\/eficio.ca\/en\/#website","url":"https:\/\/eficio.ca\/en\/","name":"Eficio","description":"CIO disponibles selon vos besoins","publisher":{"@id":"https:\/\/eficio.ca\/en\/#organization"},"potentialAction":[{"@type":"SearchAction","target":{"@type":"EntryPoint","urlTemplate":"https:\/\/eficio.ca\/en\/?s={search_term_string}"},"query-input":{"@type":"PropertyValueSpecification","valueRequired":true,"valueName":"search_term_string"}}],"inLanguage":"en-US"},{"@type":"Organization","@id":"https:\/\/eficio.ca\/en\/#organization","name":"Eficio","url":"https:\/\/eficio.ca\/en\/","logo":{"@type":"ImageObject","inLanguage":"en-US","@id":"https:\/\/eficio.ca\/en\/#\/schema\/logo\/image\/","url":"https:\/\/eficio.ca\/wp-content\/uploads\/2024\/12\/Eficio_logo_blanc_fond_orange@300ppi.jpg","contentUrl":"https:\/\/eficio.ca\/wp-content\/uploads\/2024\/12\/Eficio_logo_blanc_fond_orange@300ppi.jpg","width":880,"height":361,"caption":"Eficio"},"image":{"@id":"https:\/\/eficio.ca\/en\/#\/schema\/logo\/image\/"},"sameAs":["https:\/\/www.facebook.com\/Eficio.ca\/","https:\/\/www.linkedin.com\/company\/integra-co\/"]}]}},"_links":{"self":[{"href":"https:\/\/eficio.ca\/en\/wp-json\/wp\/v2\/pages\/50930","targetHints":{"allow":["GET"]}}],"collection":[{"href":"https:\/\/eficio.ca\/en\/wp-json\/wp\/v2\/pages"}],"about":[{"href":"https:\/\/eficio.ca\/en\/wp-json\/wp\/v2\/types\/page"}],"author":[{"embeddable":true,"href":"https:\/\/eficio.ca\/en\/wp-json\/wp\/v2\/users\/4"}],"replies":[{"embeddable":true,"href":"https:\/\/eficio.ca\/en\/wp-json\/wp\/v2\/comments?post=50930"}],"version-history":[{"count":11,"href":"https:\/\/eficio.ca\/en\/wp-json\/wp\/v2\/pages\/50930\/revisions"}],"predecessor-version":[{"id":50943,"href":"https:\/\/eficio.ca\/en\/wp-json\/wp\/v2\/pages\/50930\/revisions\/50943"}],"wp:attachment":[{"href":"https:\/\/eficio.ca\/en\/wp-json\/wp\/v2\/media?parent=50930"}],"curies":[{"name":"wp","href":"https:\/\/api.w.org\/{rel}","templated":true}]}}